{"id":6445,"date":"2017-03-16T15:45:53","date_gmt":"2017-03-16T14:45:53","guid":{"rendered":"https:\/\/chastel-marechal.com\/en\/francois-thevenin\/"},"modified":"2024-04-26T17:12:00","modified_gmt":"2024-04-26T15:12:00","slug":"sido-francois-thevenin","status":"publish","type":"page","link":"https:\/\/chastel-marechal.com\/en\/sido-francois-thevenin\/","title":{"rendered":"Sido &#038; Fran\u00e7ois Th\u00e9venin"},"content":{"rendered":"<p>[et_pb_section bb_built=&#8221;1&#8243; fullwidth=&#8221;off&#8221; specialty=&#8221;off&#8221; transparent_background=&#8221;off&#8221; background_color=&#8221;#ffffff&#8221; allow_player_pause=&#8221;off&#8221; inner_shadow=&#8221;off&#8221; parallax=&#8221;off&#8221; parallax_method=&#8221;off&#8221; padding_mobile=&#8221;off&#8221; make_fullwidth=&#8221;off&#8221; use_custom_width=&#8221;off&#8221; width_unit=&#8221;on&#8221; make_equal=&#8221;off&#8221; use_custom_gutter=&#8221;off&#8221; module_class=&#8221;introductionartistes&#8221; custom_padding=&#8221;20px|120px|20px|120px&#8221; custom_padding_phone=&#8221;0px|||&#8221; custom_padding_last_edited=&#8221;on|desktop&#8221; custom_padding_tablet=&#8221;50px|0|50px|0&#8243; inner_width=&#8221;auto&#8221; inner_max_width=&#8221;1080px&#8221;][et_pb_row admin_label=&#8221;Row&#8221; make_fullwidth=&#8221;on&#8221; use_custom_width=&#8221;off&#8221; width_unit=&#8221;on&#8221; use_custom_gutter=&#8221;off&#8221; padding_mobile=&#8221;off&#8221; allow_player_pause=&#8221;off&#8221; parallax=&#8221;off&#8221; parallax_method=&#8221;off&#8221; make_equal=&#8221;off&#8221; column_padding_mobile=&#8221;on&#8221; custom_padding=&#8221;||0px|&#8221; background_position=&#8221;top_left&#8221; background_repeat=&#8221;repeat&#8221; background_size=&#8221;initial&#8221; module_class=&#8221; et_pb_row_fullwidth&#8221; width=&#8221;89%&#8221; width_tablet=&#8221;80%&#8221; width_last_edited=&#8221;on|desktop&#8221; max_width=&#8221;89%&#8221; max_width_tablet=&#8221;80%&#8221; max_width_last_edited=&#8221;on|desktop&#8221;][et_pb_column type=&#8221;4_4&#8243; custom_padding__hover=&#8221;|||&#8221; custom_padding=&#8221;|||&#8221; parallax_method=&#8221;off&#8221;][et_pb_text admin_label=&#8221;Nom Artiste&#8221; use_border_color=&#8221;off&#8221; module_class=&#8221;titressections&#8221; background_position=&#8221;top_left&#8221; background_repeat=&#8221;repeat&#8221; background_size=&#8221;initial&#8221; _builder_version=&#8221;4.25.0&#8243; background_pattern_color=&#8221;rgba(0,0,0,0.2)&#8221; background_mask_color=&#8221;#ffffff&#8221; text_text_shadow_horizontal_length=&#8221;text_text_shadow_style,%91object Object%93&#8243; text_text_shadow_horizontal_length_tablet=&#8221;0px&#8221; text_text_shadow_vertical_length=&#8221;text_text_shadow_style,%91object Object%93&#8243; text_text_shadow_vertical_length_tablet=&#8221;0px&#8221; text_text_shadow_blur_strength=&#8221;text_text_shadow_style,%91object Object%93&#8243; text_text_shadow_blur_strength_tablet=&#8221;1px&#8221; link_text_shadow_horizontal_length=&#8221;link_text_shadow_style,%91object Object%93&#8243; link_text_shadow_horizontal_length_tablet=&#8221;0px&#8221; link_text_shadow_vertical_length=&#8221;link_text_shadow_style,%91object Object%93&#8243; link_text_shadow_vertical_length_tablet=&#8221;0px&#8221; link_text_shadow_blur_strength=&#8221;link_text_shadow_style,%91object Object%93&#8243; link_text_shadow_blur_strength_tablet=&#8221;1px&#8221; ul_text_shadow_horizontal_length=&#8221;ul_text_shadow_style,%91object Object%93&#8243; ul_text_shadow_horizontal_length_tablet=&#8221;0px&#8221; ul_text_shadow_vertical_length=&#8221;ul_text_shadow_style,%91object Object%93&#8243; ul_text_shadow_vertical_length_tablet=&#8221;0px&#8221; ul_text_shadow_blur_strength=&#8221;ul_text_shadow_style,%91object Object%93&#8243; ul_text_shadow_blur_strength_tablet=&#8221;1px&#8221; ol_text_shadow_horizontal_length=&#8221;ol_text_shadow_style,%91object Object%93&#8243; ol_text_shadow_horizontal_length_tablet=&#8221;0px&#8221; ol_text_shadow_vertical_length=&#8221;ol_text_shadow_style,%91object Object%93&#8243; ol_text_shadow_vertical_length_tablet=&#8221;0px&#8221; ol_text_shadow_blur_strength=&#8221;ol_text_shadow_style,%91object Object%93&#8243; ol_text_shadow_blur_strength_tablet=&#8221;1px&#8221; quote_text_shadow_horizontal_length=&#8221;quote_text_shadow_style,%91object Object%93&#8243; quote_text_shadow_horizontal_length_tablet=&#8221;0px&#8221; quote_text_shadow_vertical_length=&#8221;quote_text_shadow_style,%91object Object%93&#8243; quote_text_shadow_vertical_length_tablet=&#8221;0px&#8221; quote_text_shadow_blur_strength=&#8221;quote_text_shadow_style,%91object Object%93&#8243; quote_text_shadow_blur_strength_tablet=&#8221;1px&#8221; header_text_shadow_horizontal_length=&#8221;header_text_shadow_style,%91object Object%93&#8243; header_text_shadow_horizontal_length_tablet=&#8221;0px&#8221; header_text_shadow_vertical_length=&#8221;header_text_shadow_style,%91object Object%93&#8243; header_text_shadow_vertical_length_tablet=&#8221;0px&#8221; header_text_shadow_blur_strength=&#8221;header_text_shadow_style,%91object Object%93&#8243; header_text_shadow_blur_strength_tablet=&#8221;1px&#8221; header_2_text_shadow_horizontal_length=&#8221;header_2_text_shadow_style,%91object Object%93&#8243; header_2_text_shadow_horizontal_length_tablet=&#8221;0px&#8221; header_2_text_shadow_vertical_length=&#8221;header_2_text_shadow_style,%91object Object%93&#8243; header_2_text_shadow_vertical_length_tablet=&#8221;0px&#8221; header_2_text_shadow_blur_strength=&#8221;header_2_text_shadow_style,%91object Object%93&#8243; header_2_text_shadow_blur_strength_tablet=&#8221;1px&#8221; header_3_text_shadow_horizontal_length=&#8221;header_3_text_shadow_style,%91object Object%93&#8243; header_3_text_shadow_horizontal_length_tablet=&#8221;0px&#8221; header_3_text_shadow_vertical_length=&#8221;header_3_text_shadow_style,%91object Object%93&#8243; header_3_text_shadow_vertical_length_tablet=&#8221;0px&#8221; header_3_text_shadow_blur_strength=&#8221;header_3_text_shadow_style,%91object Object%93&#8243; header_3_text_shadow_blur_strength_tablet=&#8221;1px&#8221; header_4_text_shadow_horizontal_length=&#8221;header_4_text_shadow_style,%91object Object%93&#8243; header_4_text_shadow_horizontal_length_tablet=&#8221;0px&#8221; header_4_text_shadow_vertical_length=&#8221;header_4_text_shadow_style,%91object Object%93&#8243; header_4_text_shadow_vertical_length_tablet=&#8221;0px&#8221; header_4_text_shadow_blur_strength=&#8221;header_4_text_shadow_style,%91object Object%93&#8243; header_4_text_shadow_blur_strength_tablet=&#8221;1px&#8221; header_5_text_shadow_horizontal_length=&#8221;header_5_text_shadow_style,%91object Object%93&#8243; header_5_text_shadow_horizontal_length_tablet=&#8221;0px&#8221; header_5_text_shadow_vertical_length=&#8221;header_5_text_shadow_style,%91object Object%93&#8243; header_5_text_shadow_vertical_length_tablet=&#8221;0px&#8221; header_5_text_shadow_blur_strength=&#8221;header_5_text_shadow_style,%91object Object%93&#8243; header_5_text_shadow_blur_strength_tablet=&#8221;1px&#8221; header_6_text_shadow_horizontal_length=&#8221;header_6_text_shadow_style,%91object Object%93&#8243; header_6_text_shadow_horizontal_length_tablet=&#8221;0px&#8221; header_6_text_shadow_vertical_length=&#8221;header_6_text_shadow_style,%91object Object%93&#8243; header_6_text_shadow_vertical_length_tablet=&#8221;0px&#8221; header_6_text_shadow_blur_strength=&#8221;header_6_text_shadow_style,%91object Object%93&#8243; header_6_text_shadow_blur_strength_tablet=&#8221;1px&#8221; box_shadow_horizontal_tablet=&#8221;0px&#8221; box_shadow_vertical_tablet=&#8221;0px&#8221; box_shadow_blur_tablet=&#8221;40px&#8221; box_shadow_spread_tablet=&#8221;0px&#8221; vertical_offset_tablet=&#8221;0&#8243; horizontal_offset_tablet=&#8221;0&#8243; z_index_tablet=&#8221;0&#8243;]<\/p>\n<h1>Sido (1934-1986) &#038; Fran\u00e7ois Th\u00e9venin&nbsp;(1931-2016)<\/h1>\n<p>[\/et_pb_text][\/et_pb_column][\/et_pb_row][et_pb_row admin_label=&#8221;Row&#8221; make_fullwidth=&#8221;on&#8221; use_custom_width=&#8221;off&#8221; width_unit=&#8221;on&#8221; use_custom_gutter=&#8221;off&#8221; padding_mobile=&#8221;off&#8221; allow_player_pause=&#8221;off&#8221; parallax=&#8221;off&#8221; parallax_method=&#8221;off&#8221; make_equal=&#8221;off&#8221; column_padding_mobile=&#8221;on&#8221; custom_padding=&#8221;||0px|&#8221; custom_margin=&#8221;||0px|&#8221; background_position=&#8221;top_left&#8221; background_repeat=&#8221;repeat&#8221; background_size=&#8221;initial&#8221; module_class=&#8221; et_pb_row_fullwidth&#8221; width=&#8221;89%&#8221; width_tablet=&#8221;80%&#8221; width_last_edited=&#8221;on|desktop&#8221; max_width=&#8221;89%&#8221; max_width_tablet=&#8221;80%&#8221; max_width_last_edited=&#8221;on|desktop&#8221;][et_pb_column type=&#8221;2_3&#8243; custom_padding__hover=&#8221;|||&#8221; custom_padding=&#8221;|||&#8221; parallax_method=&#8221;off&#8221;][et_pb_text admin_label=&#8221;Extrait biographie&#8221; background_layout=&#8221;light&#8221; text_orientation=&#8221;justified&#8221; use_border_color=&#8221;off&#8221; border_color=&#8221;#ffffff&#8221; border_style=&#8221;solid&#8221; background_position=&#8221;top_left&#8221; background_repeat=&#8221;repeat&#8221; background_size=&#8221;initial&#8221; _builder_version=&#8221;4.25.0&#8243;]<\/p>\n<div class=\"page\" title=\"Page 3\">\n<div class=\"layoutArea\">\n<div class=\"column\">\n<div class=\"layoutArea\">\n<div class=\"column\">\n<p>N\u00e9 sur la c\u00f4te d\u2019Azur en 1931, Fran\u00e7ois Th\u00e9venin est un artiste prot\u00e9iforme, oscillant entre architecture, sculpture, design et po\u00e9sie au moyen de son mat\u00e9riau de pr\u00e9dilection, le m\u00e9tal.<\/p>\n<p>Form\u00e9 aux Beaux-arts de Paris dans les ann\u00e9es 1950, il y rencontre sa future \u00e9pouse et associ\u00e9e Gis\u00e8le Sidoti dite Sido.<\/p>\n<p>En 1958, apr\u00e8s son service militaire, Fran\u00e7ois et Sido partent s\u2019installer dans le sud, \u00e0 Cannes-la-Bocca, o\u00f9 se trouve toujours leur maison-atelier.<\/p>\n<\/div>\n<\/div>\n<\/div>\n<\/div>\n<\/div>\n<p>[\/et_pb_text][\/et_pb_column][et_pb_column type=&#8221;1_3&#8243; custom_padding__hover=&#8221;|||&#8221; custom_padding=&#8221;|||&#8221; parallax_method=&#8221;off&#8221;][et_pb_image admin_label=&#8221;Photo artiste&#8221; src=&#8221;https:\/\/chastel-marechal.com\/wp-content\/uploads\/2017\/03\/25sftweb-copie.jpg&#8221; show_in_lightbox=&#8221;off&#8221; url_new_window=&#8221;off&#8221; use_overlay=&#8221;off&#8221; animation=&#8221;off&#8221; sticky=&#8221;off&#8221; align=&#8221;left&#8221; force_fullwidth=&#8221;off&#8221; always_center_on_mobile=&#8221;on&#8221; use_border_color=&#8221;off&#8221; border_color=&#8221;#ffffff&#8221; border_style=&#8221;solid&#8221; custom_margin_phone=&#8221;50px|||&#8221; custom_margin_last_edited=&#8221;on|phone&#8221; animation_style=&#8221;none&#8221; animation_duration=&#8221;1000ms&#8221; animation_intensity_slide=&#8221;50%&#8221; show_bottom_space=&#8221;on&#8221; align_last_edited=&#8221;on|desktop&#8221; align_tablet=&#8221;center&#8221; \/][\/et_pb_column][\/et_pb_row][et_pb_row admin_label=&#8221;Row&#8221; make_fullwidth=&#8221;on&#8221; use_custom_width=&#8221;off&#8221; width_unit=&#8221;on&#8221; use_custom_gutter=&#8221;off&#8221; padding_mobile=&#8221;off&#8221; allow_player_pause=&#8221;off&#8221; parallax=&#8221;off&#8221; parallax_method=&#8221;off&#8221; make_equal=&#8221;off&#8221; column_padding_mobile=&#8221;on&#8221; custom_padding=&#8221;0px|||&#8221; custom_margin=&#8221;0px||20px|&#8221; background_position=&#8221;top_left&#8221; background_repeat=&#8221;repeat&#8221; background_size=&#8221;initial&#8221; module_class=&#8221; et_pb_row_fullwidth&#8221; width=&#8221;89%&#8221; width_tablet=&#8221;80%&#8221; width_last_edited=&#8221;on|desktop&#8221; max_width=&#8221;89%&#8221; max_width_tablet=&#8221;80%&#8221; max_width_last_edited=&#8221;on|desktop&#8221;][et_pb_column type=&#8221;4_4&#8243; custom_padding__hover=&#8221;|||&#8221; custom_padding=&#8221;|||&#8221; parallax_method=&#8221;off&#8221;][et_pb_toggle admin_label=&#8221;Biographie compl\u00e8te&#8221; title=&#8221;Afficher la biographie compl\u00e8te&#8221; open=&#8221;off&#8221; use_border_color=&#8221;off&#8221; border_color=&#8221;#ffffff&#8221; border_style=&#8221;solid&#8221; closed_toggle_background_color=&#8221;rgba(0,0,0,0)&#8221; custom_padding=&#8221;0px|0px|0px|0px&#8221; title_font_size=&#8221;14&#8243; background_position=&#8221;top_left&#8221; background_repeat=&#8221;repeat&#8221; background_size=&#8221;initial&#8221; _builder_version=&#8221;4.25.0&#8243;]<\/p>\n<p>Un an plus tard le couple fait la connaissance de l\u2019architecte Jacques Cou\u00eblle. C\u2019est le d\u00e9but d\u2019une importante collaboration qui donne naissance \u00e0 ce qu\u2019ils ont appel\u00e9 les \u00ab\u00a0maisons-paysages\u00a0\u00bb, des villas semblables \u00e0 des cavernes troglodytes enti\u00e8rement r\u00e9alis\u00e9es en b\u00e9ton sculpt\u00e9. La philosophie de ce style architectural en vogue dans les ann\u00e9es 1960, en r\u00e9action \u00e0 l\u2019aspect froid et lin\u00e9aire du Style International, consiste \u00e0 r\u00e9aliser des demeures aux lignes organiques qui s\u2019int\u00e8grent parfaitement \u00e0 leur environnement naturel, comme sorties de terre. C\u2019est \u00e0 Castellaras, village cach\u00e9 dans l\u2019arri\u00e8re-pays proven\u00e7al, qu\u2019ils r\u00e9alisent ensemble de luxueuses villas pour une riche client\u00e8le, lasse des villas n\u00e9oclassiques de la c\u00f4te d\u2019Azur. Jacques Cou\u00eblle sculpte dans le b\u00e9ton les formes sinueuses des murs, des escaliers, des toits, offrant une circulation fluide aux habitants. Les Th\u00e9venin viennent y int\u00e9grer des pi\u00e8ces de mobilier en m\u00e9tal forg\u00e9, pli\u00e9, sculpt\u00e9, aux accents profond\u00e9ment po\u00e9tiques, directement issus d\u2019un monde v\u00e9g\u00e9tal fantasmagorique\u00a0: rampes semblables \u00e0 des lianes, pi\u00e9tements de table formant des troncs d\u2019arbre noueux, appliques et vitraux laissant filtrer la lumi\u00e8re en apportant de la couleur \u00e0 travers d\u2019\u00e9pais \u00e9clats de verre taill\u00e9s au burin, ou encore des chaises en fer forg\u00e9 tout droit sorties des contes de Grimm.<\/p>\n<p>Le couple de sculpteurs donne ainsi vie au m\u00e9tal par la force de leur bras, au moyen de techniques ancestrales de ferronnerie, de chaudronnerie, de dinanderie, en collaboration avec des artisans locaux. La fronti\u00e8re se fait alors plus \u00e9troite entre la forme et la fonction, entre l\u2019objet et la sculpture, entre la douceur des sujets et la force de la main qui les a cr\u00e9\u00e9s.<\/p>\n<p>Cou\u00eblle et les Th\u00e9venin associent \u00e9galement leurs talents \u00e0 la r\u00e9alisation d\u2019autres villas, notamment en Sardaigne, sur la Costa Smeralda.<\/p>\n<p>Le style architectural de Jacques Cou\u00eblle fait nombre d\u2019\u00e9mules, dont l\u2019un de ses \u00e9l\u00e8ves, Antti Lovag, qui r\u00e9alisera notamment le fameux \u00ab\u00a0Palais Bulles\u00a0\u00bb de Pierre Cardin.<\/p>\n<p>Les ann\u00e9es 1960 sont pour Fran\u00e7ois et Sido une p\u00e9riode de cr\u00e9ation dense. Parall\u00e8lement \u00e0 la r\u00e9alisation des \u00ab\u00a0maisons-paysages\u00a0\u00bb, le couple est sollicit\u00e9 pour des commandes priv\u00e9es et publiques prestigieuses. Leur amiti\u00e9 avec Jacques Cou\u00eblle les am\u00e8ne \u00e0 rencontrer des personnalit\u00e9s du monde artistique et litt\u00e9raire comme Jean Cocteau, pour lequel ils r\u00e9alisent le premier des douze cadrans solaires du village de Coaraze, \u00ab\u00a0Les L\u00e9zards \u00bb, Pablo Picasso, qui vient visiter leur maison-atelier en 1963, Jacques Pr\u00e9vert, Serge Reggiani, ou encore Brassa\u00ef, qui r\u00e9digera la pr\u00e9face de leur premi\u00e8re grande exposition \u00e0 la galerie Drouant \u00e0 Paris en 1973.<\/p>\n<p>Des projets monumentaux voient \u00e9galement le jour\u00a0: un bas-relief en m\u00e9tal de 3 m\u00e8tres de haut pour l\u2019agence d\u2019Air France \u00e0 Santiago du Chili, un monument en fer et aluminium de 6 m\u00e8tres de haut pour la Caisse des D\u00e9p\u00f4ts et Consignations de Nice, une mosa\u00efque de m\u00e9tal pour un bassin d\u00e9coratif au mas Sainte-H\u00e9l\u00e8ne \u00e0 Grasse ou encore deux panneaux en bronze grav\u00e9 pour l\u2019entr\u00e9e de la prestigieuse tour \u00ab\u00a0Evasion 2000\u00a0\u00bb \u00e0 Paris.<\/p>\n<p>Les commandes affluent et se prolongent dans les ann\u00e9es 1970, d\u00e9cennie qui marque notamment l\u2019aboutissement de leurs recherches sur la gravure \u00e0 l\u2019eau forte sur acier inoxydable. C\u2019est \u00e0 cette \u00e9poque que le couple entame une autre collaboration architecturale avec le fils de Jacques Cou\u00eblle, Savin.<\/p>\n<p>En 1973 l\u2019\u0153uvre sculpt\u00e9 des Th\u00e9venin est pr\u00e9sent\u00e9 \u00e0 l\u2019occasion d\u2019une exposition \u00e0 la galerie Drouant \u00e0 Paris, prolong\u00e9e par une exposition au Ch\u00e2teau de la Treyne \u00e0 Souillac. Puis les expositions et Grand Prix s\u2019encha\u00eenent, parall\u00e8lement aux nouvelles commandes\u00a0: un plafond de 100 m2 pour la salle de spectacle du Palm Beach Casino \u00e0 Cannes, une tapisserie monumentale pour l\u2019Ecole d\u2019Artillerie de Draguignan, un planisph\u00e8re et des sculptures pour le paquebot Fairsky IV aux Antilles command\u00e9s par la compagnie Sitmar&#8230;<\/p>\n<p>En 1983 le peintre espagnol Salvador Dali leur confie la conception, \u00e0 partir de ses dessins, de l\u2019<em>Ange Surr\u00e9aliste<\/em> de l\u2019<em>Ange Cubiste<\/em> et de la <em>T\u00eate de Beethoven<\/em>.<\/p>\n<p>L\u2019ann\u00e9e 1986 est marqu\u00e9e par le d\u00e9c\u00e8s de Sido.<\/p>\n<p>Jusqu\u2019\u00e0 la fin des ann\u00e9es 1990, Fran\u00e7ois perp\u00e9tue seul le travail commenc\u00e9 avec Jacques Cou\u00eblle et r\u00e9alise en collaboration avec Savin Cou\u00eblle de nouvelles \u00ab\u00a0maisons-paysages\u00a0\u00bb en Nouvelle-Z\u00e9lande, en Sardaigne, en France et l\u2019accompagne sur de nombreux autres chantiers internationaux. L\u2019ensemble mobilier que nous pr\u00e9sentons ici provient de l\u2019un de ces luxueux projets pour une villa nich\u00e9e sur les hauteurs de Cannes, appel\u00e9e \u00ab\u00a0Le Clos du Paradis\u00a0\u00bb, non loin du village de Castellaras, comme un retour aux sources.<\/p>\n<p>D\u00e9c\u00e9d\u00e9 en 2016, nous souhaitions rendre hommage \u00e0 ce sculpteur-designer libre de toute \u00e9tiquette, \u00e0 son inspiration po\u00e9tique et son g\u00e9nie technique.<\/p>\n<p>[\/et_pb_toggle][\/et_pb_column][\/et_pb_row][et_pb_row admin_label=&#8221;Row&#8221; make_fullwidth=&#8221;on&#8221; use_custom_width=&#8221;off&#8221; width_unit=&#8221;on&#8221; use_custom_gutter=&#8221;off&#8221; padding_mobile=&#8221;off&#8221; allow_player_pause=&#8221;off&#8221; parallax=&#8221;off&#8221; parallax_method=&#8221;off&#8221; make_equal=&#8221;off&#8221; column_padding_mobile=&#8221;on&#8221; background_position=&#8221;top_left&#8221; background_repeat=&#8221;repeat&#8221; background_size=&#8221;initial&#8221; module_class=&#8221; et_pb_row_fullwidth&#8221; width=&#8221;89%&#8221; width_tablet=&#8221;80%&#8221; width_last_edited=&#8221;on|desktop&#8221; max_width=&#8221;89%&#8221; max_width_tablet=&#8221;80%&#8221; max_width_last_edited=&#8221;on|desktop&#8221;][et_pb_column type=&#8221;4_4&#8243; custom_padding__hover=&#8221;|||&#8221; custom_padding=&#8221;|||&#8221; parallax_method=&#8221;off&#8221;][et_pb_text admin_label=&#8221;Titre \u0153uvres&#8221; background_layout=&#8221;light&#8221; text_orientation=&#8221;left&#8221; use_border_color=&#8221;off&#8221; border_color=&#8221;#ffffff&#8221; border_style=&#8221;solid&#8221; module_class=&#8221;titressections&#8221; background_position=&#8221;top_left&#8221; background_repeat=&#8221;repeat&#8221; background_size=&#8221;initial&#8221;]<\/p>\n<p>\u0152uvres<\/p>\n<p>[\/et_pb_text][et_pb_portfolio admin_label=&#8221;Liste des \u0153uvres&#8221; fullwidth=&#8221;off&#8221; include_categories=&#8221;238&#8243; show_title=&#8221;off&#8221; show_categories=&#8221;off&#8221; show_pagination=&#8221;off&#8221; background_layout=&#8221;light&#8221; hover_overlay_color=&#8221;rgba(255,255,255,0.6)&#8221; use_border_color=&#8221;off&#8221; border_color=&#8221;#ffffff&#8221; border_style=&#8221;solid&#8221; posts_number=&#8221;80&#8243; background_position=&#8221;top_left&#8221; background_repeat=&#8221;repeat&#8221; background_size=&#8221;initial&#8221; \/][\/et_pb_column][\/et_pb_row][\/et_pb_section]<\/p>\n","protected":false},"excerpt":{"rendered":"<p>Sido (1934-1986) &#038; Fran\u00e7ois Th\u00e9venin&nbsp;(1931-2016) N\u00e9 sur la c\u00f4te d\u2019Azur en 1931, Fran\u00e7ois Th\u00e9venin est un artiste prot\u00e9iforme, oscillant entre architecture, sculpture, design et po\u00e9sie au moyen de son mat\u00e9riau de pr\u00e9dilection, le m\u00e9tal. Form\u00e9 aux Beaux-arts de Paris dans les ann\u00e9es 1950, il y rencontre sa future \u00e9pouse et associ\u00e9e Gis\u00e8le Sidoti dite Sido. [&hellip;]<\/p>\n","protected":false},"author":2,"featured_media":0,"parent":0,"menu_order":0,"comment_status":"closed","ping_status":"closed","template":"","meta":{"_et_pb_use_builder":"on","_et_pb_old_content":"","_et_gb_content_width":"","footnotes":""},"class_list":["post-6445","page","type-page","status-publish","hentry"],"yoast_head":"<!-- This site is optimized with the Yoast SEO plugin v25.1 - https:\/\/yoast.com\/wordpress\/plugins\/seo\/ -->\n<title>Sido &amp; Fran\u00e7ois Th\u00e9venin - Galerie Chastel Mar\u00e9chal<\/title>\n<meta name=\"description\" content=\"Sido &amp; Fran\u00e7ois Th\u00e9venin\" \/>\n<meta name=\"robots\" content=\"index, follow, max-snippet:-1, max-image-preview:large, max-video-preview:-1\" \/>\n<link rel=\"canonical\" href=\"https:\/\/chastel-marechal.com\/en\/sido-francois-thevenin\/\" \/>\n<meta property=\"og:locale\" content=\"en_US\" \/>\n<meta property=\"og:type\" content=\"article\" \/>\n<meta property=\"og:title\" content=\"Sido &amp; Fran\u00e7ois Th\u00e9venin - Galerie Chastel Mar\u00e9chal\" \/>\n<meta property=\"og:description\" content=\"Sido &amp; Fran\u00e7ois Th\u00e9venin\" \/>\n<meta property=\"og:url\" content=\"https:\/\/chastel-marechal.com\/en\/sido-francois-thevenin\/\" \/>\n<meta property=\"og:site_name\" content=\"Galerie Chastel Mar\u00e9chal\" \/>\n<meta property=\"article:publisher\" content=\"https:\/\/www.facebook.com\/galerie.chastelmarechal\/\" \/>\n<meta property=\"article:modified_time\" content=\"2024-04-26T15:12:00+00:00\" \/>\n<meta property=\"og:image\" content=\"https:\/\/chastel-marechal.com\/wp-content\/uploads\/2016\/08\/galerie-chastel-marechal-logo.png\" \/>\n\t<meta property=\"og:image:width\" content=\"800\" \/>\n\t<meta property=\"og:image:height\" content=\"103\" \/>\n\t<meta property=\"og:image:type\" content=\"image\/png\" \/>\n<meta name=\"twitter:card\" content=\"summary_large_image\" \/>\n<meta name=\"twitter:site\" content=\"@chastelmarechal\" \/>\n<meta name=\"twitter:label1\" content=\"Est. reading time\" \/>\n\t<meta name=\"twitter:data1\" content=\"5 minutes\" \/>\n<script type=\"application\/ld+json\" class=\"yoast-schema-graph\">{\"@context\":\"https:\/\/schema.org\",\"@graph\":[{\"@type\":\"WebPage\",\"@id\":\"https:\/\/chastel-marechal.com\/en\/sido-francois-thevenin\/\",\"url\":\"https:\/\/chastel-marechal.com\/en\/sido-francois-thevenin\/\",\"name\":\"Sido & Fran\u00e7ois Th\u00e9venin - Galerie Chastel Mar\u00e9chal\",\"isPartOf\":{\"@id\":\"https:\/\/chastel-marechal.com\/en\/#website\"},\"datePublished\":\"2017-03-16T14:45:53+00:00\",\"dateModified\":\"2024-04-26T15:12:00+00:00\",\"description\":\"Sido & Fran\u00e7ois Th\u00e9venin\",\"breadcrumb\":{\"@id\":\"https:\/\/chastel-marechal.com\/en\/sido-francois-thevenin\/#breadcrumb\"},\"inLanguage\":\"en-US\",\"potentialAction\":[{\"@type\":\"ReadAction\",\"target\":[\"https:\/\/chastel-marechal.com\/en\/sido-francois-thevenin\/\"]}]},{\"@type\":\"BreadcrumbList\",\"@id\":\"https:\/\/chastel-marechal.com\/en\/sido-francois-thevenin\/#breadcrumb\",\"itemListElement\":[{\"@type\":\"ListItem\",\"position\":1,\"name\":\"Accueil\",\"item\":\"https:\/\/chastel-marechal.com\/en\/\"},{\"@type\":\"ListItem\",\"position\":2,\"name\":\"Sido &#038; Fran\u00e7ois Th\u00e9venin\"}]},{\"@type\":\"WebSite\",\"@id\":\"https:\/\/chastel-marechal.com\/en\/#website\",\"url\":\"https:\/\/chastel-marechal.com\/en\/\",\"name\":\"Galerie Chastel Mar\u00e9chal\",\"description\":\"Arts d\u00e9coratifs du XX\u00e8me si\u00e8cle\",\"publisher\":{\"@id\":\"https:\/\/chastel-marechal.com\/en\/#organization\"},\"potentialAction\":[{\"@type\":\"SearchAction\",\"target\":{\"@type\":\"EntryPoint\",\"urlTemplate\":\"https:\/\/chastel-marechal.com\/en\/?s={search_term_string}\"},\"query-input\":{\"@type\":\"PropertyValueSpecification\",\"valueRequired\":true,\"valueName\":\"search_term_string\"}}],\"inLanguage\":\"en-US\"},{\"@type\":\"Organization\",\"@id\":\"https:\/\/chastel-marechal.com\/en\/#organization\",\"name\":\"Galerie Chastel Mar\u00e9chal\",\"url\":\"https:\/\/chastel-marechal.com\/en\/\",\"logo\":{\"@type\":\"ImageObject\",\"inLanguage\":\"en-US\",\"@id\":\"https:\/\/chastel-marechal.com\/en\/#\/schema\/logo\/image\/\",\"url\":\"https:\/\/www.chastel-marechal.com\/wp-content\/uploads\/2016\/08\/galerie-chastel-marechal-logo.png\",\"contentUrl\":\"https:\/\/www.chastel-marechal.com\/wp-content\/uploads\/2016\/08\/galerie-chastel-marechal-logo.png\",\"width\":800,\"height\":103,\"caption\":\"Galerie Chastel Mar\u00e9chal\"},\"image\":{\"@id\":\"https:\/\/chastel-marechal.com\/en\/#\/schema\/logo\/image\/\"},\"sameAs\":[\"https:\/\/www.facebook.com\/galerie.chastelmarechal\/\",\"https:\/\/x.com\/chastelmarechal\",\"https:\/\/www.instagram.com\/galeriechastelmarechal\/\",\"https:\/\/fr.pinterest.com\/galerieCM\/\"]}]}<\/script>\n<!-- \/ Yoast SEO plugin. -->","yoast_head_json":{"title":"Sido & Fran\u00e7ois Th\u00e9venin - Galerie Chastel Mar\u00e9chal","description":"Sido & Fran\u00e7ois Th\u00e9venin","robots":{"index":"index","follow":"follow","max-snippet":"max-snippet:-1","max-image-preview":"max-image-preview:large","max-video-preview":"max-video-preview:-1"},"canonical":"https:\/\/chastel-marechal.com\/en\/sido-francois-thevenin\/","og_locale":"en_US","og_type":"article","og_title":"Sido & Fran\u00e7ois Th\u00e9venin - Galerie Chastel Mar\u00e9chal","og_description":"Sido & Fran\u00e7ois Th\u00e9venin","og_url":"https:\/\/chastel-marechal.com\/en\/sido-francois-thevenin\/","og_site_name":"Galerie Chastel Mar\u00e9chal","article_publisher":"https:\/\/www.facebook.com\/galerie.chastelmarechal\/","article_modified_time":"2024-04-26T15:12:00+00:00","og_image":[{"width":800,"height":103,"url":"https:\/\/chastel-marechal.com\/wp-content\/uploads\/2016\/08\/galerie-chastel-marechal-logo.png","type":"image\/png"}],"twitter_card":"summary_large_image","twitter_site":"@chastelmarechal","twitter_misc":{"Est. reading time":"5 minutes"},"schema":{"@context":"https:\/\/schema.org","@graph":[{"@type":"WebPage","@id":"https:\/\/chastel-marechal.com\/en\/sido-francois-thevenin\/","url":"https:\/\/chastel-marechal.com\/en\/sido-francois-thevenin\/","name":"Sido & Fran\u00e7ois Th\u00e9venin - Galerie Chastel Mar\u00e9chal","isPartOf":{"@id":"https:\/\/chastel-marechal.com\/en\/#website"},"datePublished":"2017-03-16T14:45:53+00:00","dateModified":"2024-04-26T15:12:00+00:00","description":"Sido & Fran\u00e7ois Th\u00e9venin","breadcrumb":{"@id":"https:\/\/chastel-marechal.com\/en\/sido-francois-thevenin\/#breadcrumb"},"inLanguage":"en-US","potentialAction":[{"@type":"ReadAction","target":["https:\/\/chastel-marechal.com\/en\/sido-francois-thevenin\/"]}]},{"@type":"BreadcrumbList","@id":"https:\/\/chastel-marechal.com\/en\/sido-francois-thevenin\/#breadcrumb","itemListElement":[{"@type":"ListItem","position":1,"name":"Accueil","item":"https:\/\/chastel-marechal.com\/en\/"},{"@type":"ListItem","position":2,"name":"Sido &#038; Fran\u00e7ois Th\u00e9venin"}]},{"@type":"WebSite","@id":"https:\/\/chastel-marechal.com\/en\/#website","url":"https:\/\/chastel-marechal.com\/en\/","name":"Galerie Chastel Mar\u00e9chal","description":"Arts d\u00e9coratifs du XX\u00e8me si\u00e8cle","publisher":{"@id":"https:\/\/chastel-marechal.com\/en\/#organization"},"potentialAction":[{"@type":"SearchAction","target":{"@type":"EntryPoint","urlTemplate":"https:\/\/chastel-marechal.com\/en\/?s={search_term_string}"},"query-input":{"@type":"PropertyValueSpecification","valueRequired":true,"valueName":"search_term_string"}}],"inLanguage":"en-US"},{"@type":"Organization","@id":"https:\/\/chastel-marechal.com\/en\/#organization","name":"Galerie Chastel Mar\u00e9chal","url":"https:\/\/chastel-marechal.com\/en\/","logo":{"@type":"ImageObject","inLanguage":"en-US","@id":"https:\/\/chastel-marechal.com\/en\/#\/schema\/logo\/image\/","url":"https:\/\/www.chastel-marechal.com\/wp-content\/uploads\/2016\/08\/galerie-chastel-marechal-logo.png","contentUrl":"https:\/\/www.chastel-marechal.com\/wp-content\/uploads\/2016\/08\/galerie-chastel-marechal-logo.png","width":800,"height":103,"caption":"Galerie Chastel Mar\u00e9chal"},"image":{"@id":"https:\/\/chastel-marechal.com\/en\/#\/schema\/logo\/image\/"},"sameAs":["https:\/\/www.facebook.com\/galerie.chastelmarechal\/","https:\/\/x.com\/chastelmarechal","https:\/\/www.instagram.com\/galeriechastelmarechal\/","https:\/\/fr.pinterest.com\/galerieCM\/"]}]}},"acf":[],"_links":{"self":[{"href":"https:\/\/chastel-marechal.com\/en\/wp-json\/wp\/v2\/pages\/6445","targetHints":{"allow":["GET"]}}],"collection":[{"href":"https:\/\/chastel-marechal.com\/en\/wp-json\/wp\/v2\/pages"}],"about":[{"href":"https:\/\/chastel-marechal.com\/en\/wp-json\/wp\/v2\/types\/page"}],"author":[{"embeddable":true,"href":"https:\/\/chastel-marechal.com\/en\/wp-json\/wp\/v2\/users\/2"}],"replies":[{"embeddable":true,"href":"https:\/\/chastel-marechal.com\/en\/wp-json\/wp\/v2\/comments?post=6445"}],"version-history":[{"count":8,"href":"https:\/\/chastel-marechal.com\/en\/wp-json\/wp\/v2\/pages\/6445\/revisions"}],"predecessor-version":[{"id":36425,"href":"https:\/\/chastel-marechal.com\/en\/wp-json\/wp\/v2\/pages\/6445\/revisions\/36425"}],"wp:attachment":[{"href":"https:\/\/chastel-marechal.com\/en\/wp-json\/wp\/v2\/media?parent=6445"}],"curies":[{"name":"wp","href":"https:\/\/api.w.org\/{rel}","templated":true}]}}